{"id":51,"date":"2018-08-08T20:56:00","date_gmt":"2018-08-08T18:56:00","guid":{"rendered":"http:\/\/cambios.webtest.hosting-kunde.de\/?page_id=51"},"modified":"2022-08-22T15:08:15","modified_gmt":"2022-08-22T13:08:15","slug":"crew","status":"publish","type":"page","link":"https:\/\/staging.cambios.de\/?page_id=51","title":{"rendered":"Crew"},"content":{"rendered":"<p>[et_pb_section fb_built=&#8220;1&#8243; fullwidth=&#8220;on&#8220; admin_label=&#8220;Page Header&#8220; _builder_version=&#8220;3.22&#8243; background_image=&#8220;https:\/\/staging.cambios.de\/wp-content\/uploads\/2018\/09\/cambios_crew-1.jpg&#8220; background_position=&#8220;top_center&#8220;][et_pb_fullwidth_header title=&#8220;Menschen im Mittelpunkt&#8220; text_orientation=&#8220;center&#8220; admin_label=&#8220;Hero Section&#8220; _builder_version=&#8220;3.16&#8243; title_font=&#8220;Montserrat|on|||&#8220; title_font_size=&#8220;60px&#8220; title_line_height=&#8220;1.4em&#8220; content_font_size=&#8220;22px&#8220; content_line_height=&#8220;1.8em&#8220; subhead_font=&#8220;||||&#8220; background_color=&#8220;rgba(126,190,197,0)&#8220; use_background_color_gradient=&#8220;on&#8220; background_color_gradient_start=&#8220;rgba(0,128,200,0.82)&#8220; background_color_gradient_end=&#8220;rgba(0,128,200,0.21)&#8220; custom_button_one=&#8220;on&#8220; button_one_text_size=&#8220;16px&#8220; button_one_bg_color=&#8220;#6eba01&#8243; button_one_border_color=&#8220;#6eba01&#8243; button_one_border_radius=&#8220;0&#8243; button_one_letter_spacing=&#8220;2&#8243; button_one_font=&#8220;Montserrat|||on|&#8220; button_one_use_icon=&#8220;off&#8220; custom_button_two=&#8220;on&#8220; button_two_text_size=&#8220;16px&#8220; button_two_border_color=&#8220;#ffffff&#8220; button_two_border_radius=&#8220;0&#8243; button_two_letter_spacing=&#8220;2&#8243; button_two_font=&#8220;Montserrat|||on|&#8220; button_two_use_icon=&#8220;off&#8220; module_alignment=&#8220;left&#8220; custom_padding=&#8220;120px||120px|&#8220; animation_style=&#8220;fade&#8220; title_font_size_tablet=&#8220;&#8220; title_font_size_phone=&#8220;40px&#8220; title_font_size_last_edited=&#8220;on|phone&#8220; button_one_text_color_hover=&#8220;#6eba01&#8243; button_two_text_color_hover=&#8220;#6eba01&#8243; button_one_border_color_hover=&#8220;#ffffff&#8220; button_two_border_color_hover=&#8220;#ffffff&#8220; button_one_border_radius_hover=&#8220;0&#8243; button_two_border_radius_hover=&#8220;0&#8243; button_one_letter_spacing_hover=&#8220;2&#8243; button_two_letter_spacing_hover=&#8220;2&#8243; button_one_bg_color_hover=&#8220;#ffffff&#8220; button_two_bg_color_hover=&#8220;#ffffff&#8220; button_one_text_size__hover_enabled=&#8220;off&#8220; button_two_text_size__hover_enabled=&#8220;off&#8220; button_one_text_color__hover_enabled=&#8220;on&#8220; button_one_text_color__hover=&#8220;#6eba01&#8243; button_two_text_color__hover_enabled=&#8220;on&#8220; button_two_text_color__hover=&#8220;#6eba01&#8243; button_one_border_width__hover_enabled=&#8220;off&#8220; button_two_border_width__hover_enabled=&#8220;off&#8220; button_one_border_color__hover_enabled=&#8220;on&#8220; button_one_border_color__hover=&#8220;#ffffff&#8220; button_two_border_color__hover_enabled=&#8220;on&#8220; button_two_border_color__hover=&#8220;#ffffff&#8220; button_one_border_radius__hover_enabled=&#8220;on&#8220; button_one_border_radius__hover=&#8220;0&#8243; button_two_border_radius__hover_enabled=&#8220;on&#8220; button_two_border_radius__hover=&#8220;0&#8243; button_one_letter_spacing__hover_enabled=&#8220;on&#8220; button_one_letter_spacing__hover=&#8220;2&#8243; button_two_letter_spacing__hover_enabled=&#8220;on&#8220; button_two_letter_spacing__hover=&#8220;2&#8243; button_one_bg_color__hover_enabled=&#8220;on&#8220; button_one_bg_color__hover=&#8220;#ffffff&#8220; button_two_bg_color__hover_enabled=&#8220;on&#8220; button_two_bg_color__hover=&#8220;#ffffff&#8220;]Sie als Kunde, wir als Team<br \/>\n[\/et_pb_fullwidth_header][\/et_pb_section][et_pb_section fb_built=&#8220;1&#8243; _builder_version=&#8220;3.22&#8243; background_color=&#8220;#eeeeee&#8220;][et_pb_row _builder_version=&#8220;3.25&#8243; background_size=&#8220;initial&#8220; background_position=&#8220;top_left&#8220; background_repeat=&#8220;repeat&#8220; custom_padding=&#8220;27px|0px|27px|0px|false|false&#8220;][et_pb_column type=&#8220;4_4&#8243; _builder_version=&#8220;3.25&#8243; custom_padding=&#8220;|||&#8220; custom_padding__hover=&#8220;|||&#8220;][et_pb_text _builder_version=&#8220;3.27.4&#8243; text_font_size=&#8220;16px&#8220; text_line_height=&#8220;1.5em&#8220; header_font=&#8220;Montserrat|500|||||||&#8220; header_text_color=&#8220;#0080c8&#8243; header_font_size=&#8220;36px&#8220; header_line_height=&#8220;1.5em&#8220;]<\/p>\n<p style=\"text-align: center;\">Uns verbindet die Lust auf Ver\u00e4nderung, das Aufbrechen zu neuen Zielen, das Gestalten der Zukunft. Der Erfolg unserer Kunden ist unser gemeinsames Ziel. <span>Denn wir kommen selbst aus der Praxis, wissen was Kundenorientierung bedeutet und haben erfolgreich in vielen Jahren bei unseren fr\u00fcheren Arbeitgebern wie z.B. Procter &amp; Gamble, Mars, McKinsey, Lufthansa, Permira, Strategy&amp; danach gehandelt.\u00a0<\/span>Die Business-Seite mit Zahlen, Daten, Fakten ist f\u00fcr uns dabei unerl\u00e4sslich, aber wir erg\u00e4nzen sie gerne durch die menschliche Seite mit Vertrauen, Freude und Leichtigkeit.<\/p>\n<p style=\"text-align: center;\"><strong>Daraus resultiert unser Credo: change at ease<\/strong><\/p>\n<p><strong> <\/strong><\/p>\n<p><strong><\/strong><\/p>\n<h1 style=\"text-align: center;\"><strong>Ihr Change in guten H\u00e4nden:<\/strong><\/h1>\n<p>[\/et_pb_text][\/et_pb_column][\/et_pb_row][\/et_pb_section][et_pb_section fb_built=&#8220;1&#8243; admin_label=&#8220;Our Teachers Section&#8220; _builder_version=&#8220;3.22&#8243; background_color=&#8220;#fafbfc&#8220; custom_padding=&#8220;110px|0|110px|0px|false|false&#8220;][et_pb_row column_structure=&#8220;1_2,1_2&#8243; use_custom_gutter=&#8220;on&#8220; gutter_width=&#8220;2&#8243; make_equal=&#8220;on&#8220; custom_padding_last_edited=&#8220;on|phone&#8220; module_id=&#8220;zeile_crew_eins&#8220; module_class=&#8220;reihe_personen&#8220; _builder_version=&#8220;3.25&#8243; custom_padding=&#8220;|120px||120px&#8220; custom_padding_tablet=&#8220;0px||0px|&#8220; custom_padding_phone=&#8220;|0px||0px&#8220; locked=&#8220;off&#8220;][et_pb_column type=&#8220;1_2&#8243; _builder_version=&#8220;3.25&#8243; custom_padding=&#8220;|||&#8220; custom_padding__hover=&#8220;|||&#8220;][et_pb_team_member name=&#8220;Cornelia Sengpiel&#8220; image_url=&#8220;https:\/\/staging.cambios.de\/wp-content\/uploads\/2018\/09\/cornelia_sengpiel.jpg&#8220; linkedin_url=&#8220;https:\/\/www.linkedin.com\/in\/cornelia-sengpiel\/&#8220; icon_color=&#8220;#0080c8&#8243; admin_label=&#8220;Person C. Sengpiel&#8220; module_class=&#8220;crew_member&#8220; _builder_version=&#8220;3.13&#8243; header_font=&#8220;Montserrat|600|||||||&#8220; header_text_color=&#8220;#0080c8&#8243; body_font=&#8220;Montserrat||||||||&#8220; body_line_height=&#8220;1.4em&#8220; background_color=&#8220;#ffffff&#8220; text_orientation=&#8220;center&#8220; max_width=&#8220;360px&#8220; module_alignment=&#8220;center&#8220; custom_margin=&#8220;|||&#8220; custom_padding=&#8220;30px|30px|30px|30px&#8220; animation_style=&#8220;fade&#8220; custom_css_main_element=&#8220;height: 100%;&#8220; custom_css_member_social_links=&#8220;vertical-align: bottom;&#8220; border_radii=&#8220;on|6px|6px|6px|6px&#8220; box_shadow_style=&#8220;preset1&#8243; box_shadow_vertical=&#8220;10px&#8220; box_shadow_blur=&#8220;24px&#8220; box_shadow_spread=&#8220;6px&#8220; box_shadow_color=&#8220;rgba(0,0,0,0.06)&#8220; icon_hover_color=&#8220;#353740&#8243;]<\/p>\n<p style=\"text-align: center; font-size: 12px;\"><em>\u201eMeine Passion ist es, einen smarteren Weg zu finden, um Gesch\u00e4ftsziele, Kundennutzen und die eigenen Ziele der beteiligten Menschen in Einklang zu bringen. Mit der Absicht, Ver\u00e4nderungen f\u00fcr beide &#8211; das Unternehmen und die Menschen &#8211; sinnvoll, nachhaltig und erfolgreich zu gestalten.\u201c<\/em><\/p>\n<p style=\"text-align: left;\"><strong>Schwerpunkte<\/strong>:<\/p>\n<ul style=\"color: #3292c8;\">\n<li style=\"text-align: left;\">Change Management &#8211; Gestaltung und Umsetzung von komplexen Ver\u00e4nderungsprozessen<\/li>\n<li style=\"text-align: left;\">Entwicklung von nachhaltigen Gesch\u00e4ftsmodellen, Value Propositions, Customer-centric Organisations<\/li>\n<li style=\"text-align: left;\">Neurowissenschaftlich basierte Verhaltens\u00e4nderungen<\/li>\n<li style=\"text-align: left;\">Offizieller Auditor f\u00fcr nachhaltiges Personalmanagement HRMgreen<\/li>\n<\/ul>\n<p><a class=\"moretoperson_desktop\" href=\"#moreinfo_sengpiel\">Mehr \u00fcber Cornelia Sengpiel<\/a><\/p>\n<p><a class=\"moretoperson_mobile\" href=\"\/mehr-zu-cornelia-sengpiel\/\">Mehr \u00fcber Cornelia Sengpiel<\/a><\/p>\n<p>[\/et_pb_team_member][\/et_pb_column][et_pb_column type=&#8220;1_2&#8243; _builder_version=&#8220;3.25&#8243; custom_padding=&#8220;|||&#8220; custom_padding__hover=&#8220;|||&#8220;][et_pb_team_member name=&#8220;Sabine Rauser&#8220; image_url=&#8220;https:\/\/staging.cambios.de\/wp-content\/uploads\/2018\/09\/sabine_rauser.jpg&#8220; icon_color=&#8220;#0080c8&#8243; admin_label=&#8220;Person Sabine Rauser&#8220; module_class=&#8220;crew_member&#8220; _builder_version=&#8220;3.13&#8243; header_font=&#8220;Montserrat|600|||||||&#8220; header_text_color=&#8220;#0080c8&#8243; body_font=&#8220;Montserrat||||||||&#8220; body_line_height=&#8220;1.4em&#8220; background_color=&#8220;#ffffff&#8220; text_orientation=&#8220;center&#8220; max_width=&#8220;360px&#8220; module_alignment=&#8220;center&#8220; custom_margin=&#8220;|||&#8220; custom_padding=&#8220;30px|30px|30px|30px&#8220; animation_style=&#8220;fade&#8220; custom_css_main_element=&#8220;height: 100%;&#8220; custom_css_member_social_links=&#8220;vertical-align: bottom;&#8220; border_radii=&#8220;on|6px|6px|6px|6px&#8220; box_shadow_style=&#8220;preset1&#8243; box_shadow_vertical=&#8220;10px&#8220; box_shadow_blur=&#8220;24px&#8220; box_shadow_spread=&#8220;6px&#8220; box_shadow_color=&#8220;rgba(0,0,0,0.06)&#8220; icon_hover_color=&#8220;#353740&#8243;]<\/p>\n<p style=\"text-align: center; font-size: 12px;\"><em>\u201e<i>Die konsequente Orientierung an den Bed\u00fcrfnissen der Kunden &#8211; intern wie extern \u2013 ist die beste Voraussetzung, Unternehmens-Wachstum zu schaffen. Dies erfolgreich umzusetzen erfordert nicht nur das Engagement der gesamten Organisation sondern auch Verhaltens\u00e4nderungen bei jedem Einzelnen<\/i>.\u201c<\/em><\/p>\n<p style=\"text-align: left;\"><strong>Schwerpunkte:<\/strong><\/p>\n<ul style=\"color: #3292c8;\">\n<li style=\"text-align: left;\">Marketingstrategie &#8211; vom Kundenbed\u00fcrfnis \u00fcber Business Modelle, Positionierung und KPIs bis zur Implementierung<\/li>\n<li style=\"text-align: left;\">Steuerung von Change Prozessen im Rahmen von Digitalisierung, M&amp;A, Innovationsmanagement<\/li>\n<li style=\"text-align: left;\">Kommunikation und Unternehmenskultur in Ver\u00e4nderungsprozessen<\/li>\n<\/ul>\n<p><a class=\"moretoperson_desktop\" href=\"#moreinfo_rauser\">Mehr \u00fcber Sabine Rauser<\/a><\/p>\n<p><a class=\"moretoperson_mobile\" href=\"\/mehr-zu-sabine-rauser\/\">Mehr \u00fcber Sabine Rauser<\/a><br \/>\n[\/et_pb_team_member][et_pb_team_member name=&#8220;Antje Conzelmann&#8220; image_url=&#8220;https:\/\/staging.cambios.de\/wp-content\/uploads\/2018\/09\/antje_conzelmann.jpg&#8220; icon_color=&#8220;#0080c8&#8243; admin_label=&#8220;Person Antje Conzelmann&#8220; module_id=&#8220;#tile_antje-conzelmann&#8220; module_class=&#8220;crew_member&#8220; _builder_version=&#8220;3.13&#8243; header_font=&#8220;Montserrat|600|||||||&#8220; header_text_color=&#8220;#0080c8&#8243; body_font=&#8220;Montserrat||||||||&#8220; body_line_height=&#8220;1.4em&#8220; background_color=&#8220;#ffffff&#8220; text_orientation=&#8220;center&#8220; max_width=&#8220;360px&#8220; module_alignment=&#8220;center&#8220; custom_margin=&#8220;|||&#8220; custom_padding=&#8220;30px|30px|30px|30px&#8220; animation_style=&#8220;fade&#8220; custom_css_main_element=&#8220;height:100%;&#8220; border_radii=&#8220;on|6px|6px|6px|6px&#8220; box_shadow_style=&#8220;preset1&#8243; box_shadow_vertical=&#8220;10px&#8220; box_shadow_blur=&#8220;24px&#8220; box_shadow_spread=&#8220;6px&#8220; box_shadow_color=&#8220;rgba(0,0,0,0.06)&#8220; icon_hover_color=&#8220;#353740&#8243; disabled=&#8220;on&#8220; disabled_on=&#8220;on|on|on&#8220;]<\/p>\n<p style=\"font-size: 12px;\"><em>\u201e<i>Gerne unterst\u00fctze ich F\u00fchrungskr\u00e4fte darin, ihre Mitarbeiter auf dem Ver\u00e4nderungsweg sinnvoll mitzunehmen, um die kollektive St\u00e4rke der Organisation und der Menschen besser zu nutzen. Dies f\u00fchrt zu mehr Eigenverantwortung jedes Einzelnen und somit zu mehr wirtschaftlichem Erfolg.<\/i>\u201c<\/em><\/p>\n<p style=\"text-align: left;\"><strong>Schwerpunkte<\/strong>:<\/p>\n<ul style=\"color: #3292c8;\">\n<li style=\"text-align: left;\">Organisationsberatung, Change Management<\/li>\n<li style=\"text-align: left;\">Innovationskultur, Design Thinking<\/li>\n<li style=\"text-align: left;\">Executive Coaching<\/li>\n<li style=\"text-align: left;\">Kommunikationsberatung und Moderation<\/li>\n<\/ul>\n<p><a class=\"moretoperson_desktop\" href=\"#moreinfo_conzelmann\">Mehr \u00fcber Antje Conzelmann<\/a><\/p>\n<p><a class=\"moretoperson_mobile\" href=\"\/mehr-zu-antje-conzelmann\/\">Mehr \u00fcber Antje Conzelmann<\/a><br \/>\n[\/et_pb_team_member][\/et_pb_column][\/et_pb_row][et_pb_row column_structure=&#8220;1_2,1_2&#8243; use_custom_gutter=&#8220;on&#8220; gutter_width=&#8220;2&#8243; make_equal=&#8220;on&#8220; custom_padding_last_edited=&#8220;on|desktop&#8220; module_id=&#8220;zeile_crew_zwei&#8220; _builder_version=&#8220;4.0&#8243; custom_padding=&#8220;|120px||120px|false|false&#8220; custom_padding_tablet=&#8220;0px||0px|&#8220; custom_padding_phone=&#8220;|0px||0px&#8220;][et_pb_column type=&#8220;1_2&#8243; _builder_version=&#8220;3.25&#8243; custom_padding=&#8220;|||&#8220; custom_padding__hover=&#8220;|||&#8220;][et_pb_team_member name=&#8220;Angelika Sonnenschein&#8220; image_url=&#8220;https:\/\/staging.cambios.de\/wp-content\/uploads\/2018\/10\/angelika768x768.jpg&#8220; icon_color=&#8220;#0080c8&#8243; admin_label=&#8220;Person Angelika Sonnenschein&#8220; module_class=&#8220;crew_member&#8220; _builder_version=&#8220;4.0&#8243; header_font=&#8220;Montserrat|600|||||||&#8220; header_text_color=&#8220;#0080c8&#8243; body_font=&#8220;Montserrat||||||||&#8220; body_line_height=&#8220;1.4em&#8220; background_color=&#8220;#ffffff&#8220; text_orientation=&#8220;center&#8220; max_width=&#8220;342px&#8220; module_alignment=&#8220;center&#8220; custom_margin=&#8220;|||62px||&#8220; custom_padding=&#8220;30px|30px|30px|30px&#8220; animation_style=&#8220;fade&#8220; custom_css_main_element=&#8220;height:100%;&#8220; border_radii=&#8220;on|6px|6px|6px|6px&#8220; box_shadow_style=&#8220;preset1&#8243; box_shadow_vertical=&#8220;10px&#8220; box_shadow_blur=&#8220;24px&#8220; box_shadow_spread=&#8220;6px&#8220; box_shadow_color=&#8220;rgba(0,0,0,0.06)&#8220; icon_hover_color=&#8220;#353740&#8243;]<\/p>\n<p style=\"text-align: center; font-size: 12px;\"><em>\u201eZiel meiner Beratungst\u00e4tigkeit ist, meinen Kunden neue Perspektiven und M\u00f6glichkeiten aufzuzeigen und sie dabei zu unterst\u00fctzen, zukunftsweisende Konzepte der Personalarbeit f\u00fcr ihr Unternehmen zu erschlie\u00dfen.\u201c<\/em><\/p>\n<p style=\"text-align: left;\"><strong>Schwerpunkte<\/strong>:<\/p>\n<ul style=\"color: #3292c8;\">\n<li style=\"text-align: left;\">Organisationsentwicklung<\/li>\n<li style=\"text-align: left;\">Personalentwicklung<\/li>\n<li style=\"text-align: left;\">Ver\u00e4nderungsmanagement<\/li>\n<li style=\"text-align: left;\">Reorganisation\/Restrukturierung<\/li>\n<li style=\"text-align: left;\">Diversity, insbesondere mehr Frauen in F\u00fchrungspositionen<\/li>\n<\/ul>\n<p><a class=\"moretoperson_desktop\" href=\"#moreinfo_sonnenschein\">Mehr \u00fcber Angelika Sonnenschein<\/a><\/p>\n<p><a class=\"moretoperson_mobile\" href=\"\/mehr-zu-angelika-sonnenschein\/\">Mehr \u00fcber Angelika Sonnenschein<\/a><\/p>\n<p>[\/et_pb_team_member][\/et_pb_column][et_pb_column type=&#8220;1_2&#8243; _builder_version=&#8220;3.25&#8243; custom_padding=&#8220;|||&#8220; custom_padding__hover=&#8220;|||&#8220;][et_pb_team_member name=&#8220;Sharon Fried&#8220; image_url=&#8220;https:\/\/staging.cambios.de\/wp-content\/uploads\/2019\/02\/sharon_fried.jpg&#8220; icon_color=&#8220;#0080c8&#8243; admin_label=&#8220;Person Sharon Fried&#8220; module_class=&#8220;crew_member&#8220; _builder_version=&#8220;3.13&#8243; header_font=&#8220;Montserrat|600|||||||&#8220; header_text_color=&#8220;#0080c8&#8243; body_font=&#8220;Montserrat||||||||&#8220; body_line_height=&#8220;1.4em&#8220; background_color=&#8220;#ffffff&#8220; text_orientation=&#8220;center&#8220; max_width=&#8220;360px&#8220; module_alignment=&#8220;center&#8220; custom_margin=&#8220;|||&#8220; custom_padding=&#8220;30px|30px|30px|30px&#8220; animation_style=&#8220;fade&#8220; custom_css_main_element=&#8220;height:100%;&#8220; border_radii=&#8220;on|6px|6px|6px|6px&#8220; box_shadow_style=&#8220;preset1&#8243; box_shadow_vertical=&#8220;10px&#8220; box_shadow_blur=&#8220;24px&#8220; box_shadow_spread=&#8220;6px&#8220; box_shadow_color=&#8220;rgba(0,0,0,0.06)&#8220; icon_hover_color=&#8220;#353740&#8243;]<\/p>\n<p style=\"text-align: center; font-size: 12px;\"><em>\u201eBesonders wichtig ist mir bei Projekten eine klare Zielsetzung und konsequent daran ausgerichtete Umsetzung, nur so werden bestm\u00f6gliche Ergebnisse erreicht. Unternehmensziele und Perspektiven der Mitarbeiter m\u00fcssen zusammenpassen, so entsteht echte Motivation.\u201c<\/em><\/p>\n<p style=\"text-align: left;\"><strong>Schwerpunkte<\/strong>:<\/p>\n<ul style=\"color: #3292c8;\">\n<li style=\"text-align: left;\">Mitarbeiterentwicklung \u2013 Rekrutierung, Entwicklung und Retention<\/li>\n<li style=\"text-align: left;\">Performance Management \u2013 Zielesetzung, Prozesse zur Messung der Umsetzung (OKR), Entwicklungspl\u00e4ne<\/li>\n<li style=\"text-align: left;\">Organisationsentwicklung &#8211; Reporting und Kommunikationsstruktur, Unternehmensstruktur<\/li>\n<\/ul>\n<p><a class=\"moretoperson_desktop\" href=\"#moreinfo_fried\">Mehr \u00fcber Sharon Fried<\/a><\/p>\n<p><a class=\"moretoperson_mobile\" href=\"\/mehr-zu-sharon-fried\/\">Mehr \u00fcber Sharon Fried<\/a><br \/>\n[\/et_pb_team_member][\/et_pb_column][\/et_pb_row][\/et_pb_section][et_pb_section fb_built=&#8220;1&#8243; admin_label=&#8220;Mehr zu C. Sengpiel Popup&#8220; module_id=&#8220;moreinfo_sengpiel&#8220; module_class=&#8220;popup&#8220; _builder_version=&#8220;3.22&#8243; use_background_color_gradient=&#8220;on&#8220; background_color_gradient_start=&#8220;rgba(255,255,255,0.79)&#8220; background_color_gradient_end=&#8220;rgba(222,234,242,0.75)&#8220;][et_pb_row column_structure=&#8220;1_2,1_2&#8243; _builder_version=&#8220;3.25&#8243;][et_pb_column type=&#8220;1_2&#8243; _builder_version=&#8220;3.25&#8243; custom_padding=&#8220;|||&#8220; custom_padding__hover=&#8220;|||&#8220;][et_pb_text admin_label=&#8220;More Text C.Sengpiel&#8220; _builder_version=&#8220;3.27.4&#8243; header_3_text_color=&#8220;#0080c8&#8243;]<\/p>\n<h3><span style=\"color: #0080c8;\">Cornelia Sengpiel<\/span><\/h3>\n<h4>Gesch\u00e4ftsf\u00fchrerin und Gr\u00fcnderin<\/h4>\n<p>[\/et_pb_text][\/et_pb_column][et_pb_column type=&#8220;1_2&#8243; _builder_version=&#8220;3.25&#8243; custom_padding=&#8220;|||&#8220; custom_padding__hover=&#8220;|||&#8220;][et_pb_image src=&#8220;https:\/\/staging.cambios.de\/wp-content\/uploads\/2018\/07\/Cambios_mitClaim_600x200px.png&#8220; align_tablet=&#8220;center&#8220; align_phone=&#8220;&#8220; align_last_edited=&#8220;on|desktop&#8220; _builder_version=&#8220;3.23&#8243; max_width=&#8220;40%&#8220; module_alignment=&#8220;right&#8220;][\/et_pb_image][\/et_pb_column][\/et_pb_row][et_pb_row column_structure=&#8220;1_2,1_2&#8243; _builder_version=&#8220;3.25&#8243; background_size=&#8220;initial&#8220; background_position=&#8220;top_left&#8220; background_repeat=&#8220;repeat&#8220;][et_pb_column type=&#8220;1_2&#8243; _builder_version=&#8220;3.25&#8243; custom_padding=&#8220;|||&#8220; custom_padding__hover=&#8220;|||&#8220;][et_pb_text admin_label=&#8220;More Text C.Sengpiel&#8220; _builder_version=&#8220;3.27.4&#8243; header_font=&#8220;||||||||&#8220; header_3_font=&#8220;||||||||&#8220; header_3_text_color=&#8220;#0080c8&#8243;]<\/p>\n<h3><span style=\"color: #0080c8;\">Wichtigste berufliche Stationen<\/span><\/h3>\n<ul>\n<li>Sustainable Growth Associates, Associate Partner<\/li>\n<li>Profiplaza GmbH &amp; Co.KG, Managing Partner &amp; Gr\u00fcnderin<br \/> McKinsey &amp; Company, Consultant<\/li>\n<li>Wella AG, International Marketing Manager<\/li>\n<li>Procter &amp; Gamble, Brand Manager<\/li>\n<\/ul>\n<h3>Akademische und zus\u00e4tzliche Qualifikationen<\/h3>\n<ul>\n<li>zertif. Business Sustainability Management, University of Cambridge\u00a0<span><\/span><\/li>\n<li><span>Master of Cognitive Neurosciences, AON<\/span><\/li>\n<li>Auditor f\u00fcr HRMgreen, nachhaltiges HR-Mgmt.<span><\/span><\/li>\n<li>zertif. Scrum Master<\/li>\n<li>zertif. Systemischer Coach, European Business School<\/li>\n<li>APMG-zertifizierter Change Manager<\/li>\n<li>Dipl. Betriebswirtin, ESB Reutlingen, Europ. Betriebswirtschaft<\/li>\n<li>Graduada Superior en Ciencias Empresariales, E-4, ICADE Madrid<\/li>\n<\/ul>\n<p>[\/et_pb_text][\/et_pb_column][et_pb_column type=&#8220;1_2&#8243; _builder_version=&#8220;3.25&#8243; custom_padding=&#8220;|||&#8220; custom_padding__hover=&#8220;|||&#8220;][et_pb_text admin_label=&#8220;More Text C.Sengpiel Pers\u00f6nliches&#8220; _builder_version=&#8220;3.27.4&#8243; header_font=&#8220;||||||||&#8220; header_3_font=&#8220;||||||||&#8220; header_3_text_color=&#8220;#0080c8&#8243;]<\/p>\n<h3>Pers\u00f6nliches<\/h3>\n<p>Das Leitmotiv meines beruflichen und privaten Lebensweges ist \u201eVer\u00e4nderung\u201c:<br \/> arbeiten in kleinen und gro\u00dfen Strukturen, angestellt, freiberuflich und als Unternehmerin, ein paar Jahre in Spanien gelebt, zwei Kinder in die Welt begleitet\u2026 . Jeder Schritt auf diesem Weg brachte neue Erfahrungen, neue Perspektiven, aber auch diverse herausfordernde Situationen. Am Ende wurde jede Ver\u00e4nderung mit besseren Ergebnissen, einem h\u00f6heren Erkenntnisniveau und zus\u00e4tzlicher innerer St\u00e4rke belohnt. Diese Einsichten versuche ich auch, meinen jugendlichen Kindern zu vermitteln, sie zum Ausprobieren zu ermutigen und f\u00fcr Neues zu interessieren &#8211; nachhaltiges Wirtschaften steht bei ihnen schon aus eigenem Interesse hoch im Kurs. Meinen ganz pers\u00f6nlichen Perspektivwechsel habe ich jedesmal, wenn ich als Hobbypilotin die Welt von oben anschaue \u2013 faszinierend, wie sich eine bekannte Landschaft aus diesem Blickwinkel ver\u00e4ndert!<\/p>\n<p>[\/et_pb_text][\/et_pb_column][\/et_pb_row][\/et_pb_section][et_pb_section fb_built=&#8220;1&#8243; admin_label=&#8220;Mehr zu Antje Conzelmann Popup&#8220; module_id=&#8220;moreinfo_conzelmann&#8220; module_class=&#8220;popup&#8220; _builder_version=&#8220;3.22&#8243; use_background_color_gradient=&#8220;on&#8220; background_color_gradient_start=&#8220;rgba(255,255,255,0.79)&#8220; background_color_gradient_end=&#8220;rgba(222,234,242,0.75)&#8220;][et_pb_row column_structure=&#8220;1_2,1_2&#8243; _builder_version=&#8220;3.25&#8243;][et_pb_column type=&#8220;1_2&#8243; _builder_version=&#8220;3.25&#8243; custom_padding=&#8220;|||&#8220; custom_padding__hover=&#8220;|||&#8220;][et_pb_text admin_label=&#8220;More Text Antje Conzelmann&#8220; _builder_version=&#8220;3.27.4&#8243; header_3_text_color=&#8220;#0080c8&#8243;]<\/p>\n<h3><span style=\"color: #0080c8;\">Antje Conzelmann<\/span><\/h3>\n<p>[\/et_pb_text][\/et_pb_column][et_pb_column type=&#8220;1_2&#8243; _builder_version=&#8220;3.25&#8243; custom_padding=&#8220;|||&#8220; custom_padding__hover=&#8220;|||&#8220;][et_pb_image src=&#8220;https:\/\/staging.cambios.de\/wp-content\/uploads\/2018\/07\/Cambios_mitClaim_600x200px.png&#8220; align_tablet=&#8220;center&#8220; align_phone=&#8220;&#8220; align_last_edited=&#8220;on|desktop&#8220; _builder_version=&#8220;3.23&#8243; max_width=&#8220;40%&#8220; module_alignment=&#8220;right&#8220;][\/et_pb_image][\/et_pb_column][\/et_pb_row][et_pb_row column_structure=&#8220;1_2,1_2&#8243; _builder_version=&#8220;3.25&#8243; background_size=&#8220;initial&#8220; background_position=&#8220;top_left&#8220; background_repeat=&#8220;repeat&#8220;][et_pb_column type=&#8220;1_2&#8243; _builder_version=&#8220;3.25&#8243; custom_padding=&#8220;|||&#8220; custom_padding__hover=&#8220;|||&#8220;][et_pb_text admin_label=&#8220;More Text Antje Conzelmann&#8220; _builder_version=&#8220;3.27.4&#8243; header_3_text_color=&#8220;#0080c8&#8243;]<\/p>\n<h3><span style=\"color: #0080c8;\">Wichtigste berufliche Stationen<\/span><\/h3>\n<ul>\n<li>Freiberufliche Beraterin f\u00fcr Change Management, Innovationskultur, Kommunikation, Executive Coaching<\/li>\n<li>Kunden u.a. Fresenius Medical Care, Continental AG, Commerz Real AG, Fraport AG, Fintech 360T, BASF, Hessisches Kultusministerium<\/li>\n<li>Diverse Funktionen und F\u00fchrungsaufgaben in mehr als 20 Jahren bei der Deutschen Lufthansa AG: interne Beratung zu Transformationsprozessen und Organisation, Konzeption und Moderation von Workshops und weltweiten F\u00fchrungskr\u00e4fteveranstaltungen.<\/li>\n<li>Davor im operativen Bereich: Vertrieb, Produktmanagement, Marketing, Personalentwicklung.<\/li>\n<\/ul>\n<h3>Akademische und zus\u00e4tzliche Qualifikationen<\/h3>\n<ul>\n<li>Zertif. Scrum Master<\/li>\n<li>Design Thinking Coach<\/li>\n<li>Systemischer Organisationsberater, Prof. Fritz Simon<\/li>\n<li>Zertif. Systemischer Coach, European Business School, Prof. Backhausen<\/li>\n<li>Zertifikatsausbildung Rhetorik, Dialektik, Moderation<\/li>\n<li>K\u00f6rpersprache Samy Molcho<\/li>\n<\/ul>\n<p>[\/et_pb_text][\/et_pb_column][et_pb_column type=&#8220;1_2&#8243; _builder_version=&#8220;3.25&#8243; custom_padding=&#8220;|||&#8220; custom_padding__hover=&#8220;|||&#8220;][et_pb_text admin_label=&#8220;More Text Antje Conzelmann Pers\u00f6nliches&#8220; _builder_version=&#8220;3.27.4&#8243; header_3_text_color=&#8220;#0080c8&#8243;]<\/p>\n<h3>Pers\u00f6nliches<\/h3>\n<p>In meiner langj\u00e4hrigen T\u00e4tigkeit bei der Deutschen Lufthansa AG lagen meine Schwerpunkte in der Beratung von Transformationsprozessen und Implementierung einer prozessorientierten Organisation. Als interne Beraterin z\u00e4hlten zu meinen Aufgaben die Konzeption und Moderation von Klausuren, Workshops und weltweiten F\u00fchrungskr\u00e4fteveranstaltungen, insbesondere auf Vorstandsebene. Ein wesentlicher Bestandteil war hierbei das Coaching von F\u00fchrungskr\u00e4ften und F\u00fchrungsteams und ist es auch auf freiberuflicher Basis bei meinen Kunden geblieben. Gerne verbinde ich auf spannende neue Art diese beruflichen Aufgaben mit meinen pers\u00f6nlichen Interessen im Kunst- und Kulturumfeld, u.a bin ich Vorstandsmitglied im Kuratorium der Schirn Kunsthalle und des St\u00e4del Museums. Im Kopf jung halten mich meine beiden erwachsenen Kinder.<br \/>\n[\/et_pb_text][\/et_pb_column][\/et_pb_row][\/et_pb_section][et_pb_section fb_built=&#8220;1&#8243; admin_label=&#8220;Mehr zu Sabine Rauser Popup&#8220; module_id=&#8220;moreinfo_rauser&#8220; module_class=&#8220;popup&#8220; _builder_version=&#8220;3.22&#8243; use_background_color_gradient=&#8220;on&#8220; background_color_gradient_start=&#8220;rgba(255,255,255,0.79)&#8220; background_color_gradient_end=&#8220;rgba(222,234,242,0.75)&#8220;][et_pb_row column_structure=&#8220;1_2,1_2&#8243; _builder_version=&#8220;3.25&#8243; background_size=&#8220;initial&#8220; background_position=&#8220;top_left&#8220; background_repeat=&#8220;repeat&#8220;][et_pb_column type=&#8220;1_2&#8243; _builder_version=&#8220;3.25&#8243; custom_padding=&#8220;|||&#8220; custom_padding__hover=&#8220;|||&#8220;][et_pb_text admin_label=&#8220;More Text Sabine Rauser&#8220; _builder_version=&#8220;3.27.4&#8243; header_3_text_color=&#8220;#0080c8&#8243;]<\/p>\n<h3><span style=\"color: #0080c8;\">Sabine Rauser<\/span><\/h3>\n<h4><\/h4>\n<p>[\/et_pb_text][\/et_pb_column][et_pb_column type=&#8220;1_2&#8243; _builder_version=&#8220;3.25&#8243; custom_padding=&#8220;|||&#8220; custom_padding__hover=&#8220;|||&#8220;][et_pb_image src=&#8220;https:\/\/staging.cambios.de\/wp-content\/uploads\/2018\/07\/Cambios_mitClaim_600x200px.png&#8220; align_tablet=&#8220;center&#8220; align_phone=&#8220;&#8220; align_last_edited=&#8220;on|desktop&#8220; _builder_version=&#8220;3.23&#8243; max_width=&#8220;40%&#8220; module_alignment=&#8220;right&#8220;][\/et_pb_image][\/et_pb_column][\/et_pb_row][et_pb_row column_structure=&#8220;1_2,1_2&#8243; _builder_version=&#8220;3.25&#8243; background_size=&#8220;initial&#8220; background_position=&#8220;top_left&#8220; background_repeat=&#8220;repeat&#8220;][et_pb_column type=&#8220;1_2&#8243; _builder_version=&#8220;3.25&#8243; custom_padding=&#8220;|||&#8220; custom_padding__hover=&#8220;|||&#8220;][et_pb_text admin_label=&#8220;More Text Sabine Rauser&#8220; _builder_version=&#8220;3.27.4&#8243; header_3_text_color=&#8220;#0080c8&#8243;]<\/p>\n<h3><span style=\"color: #0080c8;\">Wichtigste berufliche Stationen<\/span><\/h3>\n<ul>\n<li>Marketing and Business Strategy Consulting, selbst\u00e4ndig<\/li>\n<li>Wolters Kluwer, CMO<\/li>\n<li>Gothaer, Marketingleiter<\/li>\n<li>Masterfoods\/ Mars Inc., European Brand Director<\/li>\n<li>Mars GmbH, Trade Marketing Manager<\/li>\n<\/ul>\n<h3>Akademische und zus\u00e4tzliche Qualifikationen<\/h3>\n<ul>\n<li>Master in International Management<\/li>\n<li>DESS en Affaires Internationales<\/li>\n<li>Diplom-Betriebswirtin<\/li>\n<li>Projektmanagement, Moderationstechnik, Trainer<\/li>\n<\/ul>\n<p>[\/et_pb_text][\/et_pb_column][et_pb_column type=&#8220;1_2&#8243; _builder_version=&#8220;3.25&#8243; custom_padding=&#8220;|||&#8220; custom_padding__hover=&#8220;|||&#8220;][et_pb_text admin_label=&#8220;More Text Sabine Rauser Pers\u00f6nliches&#8220; _builder_version=&#8220;3.27.4&#8243; header_3_text_color=&#8220;#0080c8&#8243;]<\/p>\n<h3>Pers\u00f6nliches<\/h3>\n<p>Love it, change it, or leave it \u2013 als Brand Lover und Marketingstratege mit \u00fcber 20 Jahren Berufserfahrung in unterschiedlichsten Branchen ist es Teil meiner DNA, Markttrends im Blick zu haben, den Wettbewerb zu beobachten, Insights zu sich ver\u00e4ndernden Kundenbed\u00fcrfnissen zu entwickeln und so zu helfen, eine Marke oder ein Unternehmen stetig weiter zu entwickeln und Wachstum zu generieren. Dies erfordert neben viel Aufmerksamkeit besonders auch den Mut zu Ver\u00e4nderung.<br \/>\nPrivat bin ich Entdecker und Globetrotter, liebe es, in meiner freien Zeit mit meiner Familie, die Welt zu erkunden und Neues zu entdecken. Wie in meinen Projekten sind auch hier Organisationstalent, Probleml\u00f6sungsf\u00e4higkeit und Abenteuerlust gefragt sowie die Neugierde, was sich wohl hinter der n\u00e4chsten Ecke verbergen mag.<br \/>\n[\/et_pb_text][\/et_pb_column][\/et_pb_row][\/et_pb_section][et_pb_section fb_built=&#8220;1&#8243; admin_label=&#8220;Mehr zu Sharon Fried Popup&#8220; module_id=&#8220;moreinfo_fried&#8220; module_class=&#8220;popup&#8220; _builder_version=&#8220;3.22&#8243; use_background_color_gradient=&#8220;on&#8220; background_color_gradient_start=&#8220;rgba(255,255,255,0.79)&#8220; background_color_gradient_end=&#8220;rgba(222,234,242,0.75)&#8220;][et_pb_row column_structure=&#8220;1_2,1_2&#8243; _builder_version=&#8220;3.25&#8243; background_size=&#8220;initial&#8220; background_position=&#8220;top_left&#8220; background_repeat=&#8220;repeat&#8220;][et_pb_column type=&#8220;1_2&#8243; _builder_version=&#8220;3.25&#8243; custom_padding=&#8220;|||&#8220; custom_padding__hover=&#8220;|||&#8220;][et_pb_text admin_label=&#8220;More Text Sharon Fried&#8220; _builder_version=&#8220;3.27.4&#8243; header_3_text_color=&#8220;#0080c8&#8243;]<\/p>\n<h3><span style=\"color: #0080c8;\">Sharon Fried<\/span><\/h3>\n<h4><\/h4>\n<p>[\/et_pb_text][\/et_pb_column][et_pb_column type=&#8220;1_2&#8243; _builder_version=&#8220;3.25&#8243; custom_padding=&#8220;|||&#8220; custom_padding__hover=&#8220;|||&#8220;][et_pb_image src=&#8220;https:\/\/staging.cambios.de\/wp-content\/uploads\/2018\/07\/Cambios_mitClaim_600x200px.png&#8220; align_tablet=&#8220;center&#8220; align_phone=&#8220;&#8220; align_last_edited=&#8220;on|desktop&#8220; _builder_version=&#8220;3.23&#8243; max_width=&#8220;40%&#8220; module_alignment=&#8220;right&#8220;][\/et_pb_image][\/et_pb_column][\/et_pb_row][et_pb_row column_structure=&#8220;1_2,1_2&#8243; _builder_version=&#8220;3.25&#8243; background_size=&#8220;initial&#8220; background_position=&#8220;top_left&#8220; background_repeat=&#8220;repeat&#8220;][et_pb_column type=&#8220;1_2&#8243; _builder_version=&#8220;3.25&#8243; custom_padding=&#8220;|||&#8220; custom_padding__hover=&#8220;|||&#8220;][et_pb_text admin_label=&#8220;More Text S.Fried&#8220; _builder_version=&#8220;3.27.4&#8243; header_3_text_color=&#8220;#0080c8&#8243;]<\/p>\n<h3><span style=\"color: #0080c8;\">Wichtigste berufliche Stationen<\/span><\/h3>\n<ul>\n<li>Organizational Consulting, Principal<\/li>\n<li>FreeGym GmbH, Co-Founder and Managing Partner<\/li>\n<li>Techno-Stahl, Head of Business Development<\/li>\n<li>Office Depot, Senior Manager Corporate Development<\/li>\n<li>The Artemis Group, Director, Executive Search<\/li>\n<li>Booz Allen &amp; Hamilton (currently Strategy&amp;), Senior Associate<\/li>\n<\/ul>\n<h3>Akademische und zus\u00e4tzliche Qualifikationen<\/h3>\n<ul>\n<li>Career Coach, Firework; CTI Co-Active Fundamentals<\/li>\n<li>MBA, INSEAD<\/li>\n<li>MA International Economics and Finance, Brandeis University<\/li>\n<li>BA Economics, Brandeis University<\/li>\n<\/ul>\n<p>[\/et_pb_text][\/et_pb_column][et_pb_column type=&#8220;1_2&#8243; _builder_version=&#8220;3.25&#8243; custom_padding=&#8220;|||&#8220; custom_padding__hover=&#8220;|||&#8220;][et_pb_text admin_label=&#8220;More Text S.Fried Pers\u00f6nliches&#8220; _builder_version=&#8220;3.27.4&#8243; header_3_text_color=&#8220;#0080c8&#8243;]<\/p>\n<h3>Pers\u00f6nliches<\/h3>\n<p>Mit Lebensmittelpunkten, die sich immer wieder verschoben haben, und mich in verschiedene Kontinente und L\u00e4nder gebracht haben, bin ich stets an der Planung und Koordinierung der n\u00e4chsten Schritte f\u00fcr meine Familie. Wie im Beruflichen steht bei mir auch im Privaten vieles im Sinne von Organisation, Zielsetzung und der Wichtigkeit der Menschen im Mittelpunkt. In meiner Freizeit bin ich gerne drau\u00dfen in der Natur mit meinen Kindern und meinem Mann und freue mich \u00fcber Bewegung an der frischen Luft, egal ob beim Spazieren oder beim Skifahren. Ich reise leidenschaftlich gerne mit ihnen in f\u00fcr mich neue Teile der Welt, aber genie\u00dfe es auch, mit einem guten Brettspiel oder B\u00fcchern in unserem Wohnzimmer gemeinsam laut zu sein oder still zu bleiben.<br \/>\n[\/et_pb_text][\/et_pb_column][\/et_pb_row][\/et_pb_section][et_pb_section fb_built=&#8220;1&#8243; admin_label=&#8220;Mehr zu Angelika Sonnenschein Popup&#8220; module_id=&#8220;moreinfo_sonnenschein&#8220; module_class=&#8220;popup&#8220; _builder_version=&#8220;4.0&#8243; use_background_color_gradient=&#8220;on&#8220; background_color_gradient_start=&#8220;rgba(255,255,255,0.79)&#8220; background_color_gradient_end=&#8220;rgba(222,234,242,0.75)&#8220;][et_pb_row column_structure=&#8220;1_2,1_2&#8243; _builder_version=&#8220;3.25&#8243; background_size=&#8220;initial&#8220; background_position=&#8220;top_left&#8220; background_repeat=&#8220;repeat&#8220;][et_pb_column type=&#8220;1_2&#8243; _builder_version=&#8220;3.25&#8243; custom_padding=&#8220;|||&#8220; custom_padding__hover=&#8220;|||&#8220;][et_pb_text admin_label=&#8220;More Text Angelika Sonnenschein&#8220; _builder_version=&#8220;3.27.4&#8243; header_3_text_color=&#8220;#0080c8&#8243;]<\/p>\n<h3><span style=\"color: #0080c8;\">Angelika Sonnenschein<\/span><\/h3>\n<h4><\/h4>\n<p>[\/et_pb_text][\/et_pb_column][et_pb_column type=&#8220;1_2&#8243; _builder_version=&#8220;3.25&#8243; custom_padding=&#8220;|||&#8220; custom_padding__hover=&#8220;|||&#8220;][et_pb_image src=&#8220;https:\/\/staging.cambios.de\/wp-content\/uploads\/2018\/07\/Cambios_mitClaim_600x200px.png&#8220; align_tablet=&#8220;center&#8220; align_phone=&#8220;&#8220; align_last_edited=&#8220;on|desktop&#8220; _builder_version=&#8220;3.23&#8243; max_width=&#8220;40%&#8220; module_alignment=&#8220;right&#8220;][\/et_pb_image][\/et_pb_column][\/et_pb_row][et_pb_row column_structure=&#8220;1_2,1_2&#8243; _builder_version=&#8220;3.25&#8243; background_size=&#8220;initial&#8220; background_position=&#8220;top_left&#8220; background_repeat=&#8220;repeat&#8220;][et_pb_column type=&#8220;1_2&#8243; _builder_version=&#8220;3.25&#8243; custom_padding=&#8220;|||&#8220; custom_padding__hover=&#8220;|||&#8220;][et_pb_text admin_label=&#8220;More Text A.Sonnenschein&#8220; _builder_version=&#8220;3.27.4&#8243; header_3_text_color=&#8220;#0080c8&#8243;]<\/p>\n<h3><span style=\"color: #0080c8;\">Wichtigste berufliche Stationen<\/span><\/h3>\n<ul>\n<li>Selbst\u00e4ndige Beraterin\/Interims Managerin f\u00fcr Human Resources<\/li>\n<li>Lehrbeauftragte f\u00fcr Personalentwicklung sowie Organisation und F\u00fchrung, Fresenius Hochschule Idstein<\/li>\n<li>Global Director of Human Resources, Permira<\/li>\n<li>Director Human Resources, Europe and Middle East, Booz.Allen &amp; Hamilton (heute Strategy &amp;)<\/li>\n<\/ul>\n<h3>Akademische und zus\u00e4tzliche Qualifikationen<\/h3>\n<ul>\n<li>Ausbildung in \u201eIntegrativer systemischer Beratung\u201c<\/li>\n<li>Metaplan Professional \u201eDiskursive Beratung\u201c<\/li>\n<li>Kommunikationspsychologie bei Friedemann Schulz von Thun<\/li>\n<li>Executive MBA in International Management, Kellogg\/WHU<\/li>\n<li>Senior Women\u2019s Leadership Program Kellogg Graduate School of Management\/Center for Executive Women<\/li>\n<li>Staatsexamen f\u00fcr Lehramt an Gymnasien, Englisch und Franz\u00f6sisch, Universit\u00e4t Bonn<\/li>\n<\/ul>\n<p>[\/et_pb_text][\/et_pb_column][et_pb_column type=&#8220;1_2&#8243; _builder_version=&#8220;3.25&#8243; custom_padding=&#8220;|||&#8220; custom_padding__hover=&#8220;|||&#8220;][et_pb_text admin_label=&#8220;More Text A.Sonnenschein Pers\u00f6nliches&#8220; _builder_version=&#8220;3.27.4&#8243; header_3_text_color=&#8220;#0080c8&#8243;]<\/p>\n<h3>Pers\u00f6nliches<\/h3>\n<p>Neben meiner beruflichen T\u00e4tigkeit engagiere ich mich ehrenamtlich, zun\u00e4chst in der Entwicklungshilfe, inzwischen prim\u00e4r in der Fliegerei. \u00dcber viele Jahre hinweg habe ich Bildungs- und Gesundheitsprojekte in El Salvador pers\u00f6nlich unterst\u00fctzt. Des weiteren habe ich f\u00fcr Bookbridge (<a href=\"http:\/\/www.bookbridge.org\">www.bookbridge.org<\/a>) ein Konzept entwickelt, um Unternehmen Programme zur F\u00fchrungskr\u00e4fteentwicklung im Rahmen der Bookbridge-Entwicklungs-Projekte anzubieten und Bookbridge als Social Business zu etablieren, das langfristig ohne Spenden auskommt. Seitdem ich meiner Passion f\u00fcrs Fliegen gefolgt bin, engagiere ich mich in der Vereinigung deutscher Pilotinnen (VDP) und bei der Stiftung Mayday. Ich fliege ein- und zweimotorige Flugzeuge und seit zwei Jahren auch Hubschrauber. Highlights in meinem Pilotinnen-Leben waren neben vielen Fl\u00fcgen durch ganz Europa zwei Reisen nach Afrika und Neuseeland.<br \/>\n[\/et_pb_text][\/et_pb_column][\/et_pb_row][\/et_pb_section][et_pb_section fb_built=&#8220;1&#8243; admin_label=&#8220;Our Partners Section&#8220; _builder_version=&#8220;3.22&#8243; custom_padding=&#8220;110px|0px|110px|0px&#8220;][et_pb_row _builder_version=&#8220;3.25&#8243; locked=&#8220;off&#8220;][et_pb_column type=&#8220;4_4&#8243; _builder_version=&#8220;3.25&#8243; custom_padding=&#8220;|||&#8220; custom_padding__hover=&#8220;|||&#8220;][et_pb_text admin_label=&#8220;Text Kooperationspartner&#8220; _builder_version=&#8220;3.27.4&#8243; header_font=&#8220;Montserrat||||||||&#8220; header_text_align=&#8220;center&#8220; header_3_font=&#8220;Montserrat|600|||||||&#8220; header_3_text_color=&#8220;#0080c8&#8243; header_3_font_size=&#8220;36px&#8220; header_3_line_height=&#8220;1.4em&#8220; text_orientation=&#8220;center&#8220; header_3_font_size_tablet=&#8220;&#8220; header_3_font_size_phone=&#8220;20px&#8220; header_3_font_size_last_edited=&#8220;on|phone&#8220;]<\/p>\n<h3>Unsere Kooperationspartner<\/h3>\n<p>[\/et_pb_text][\/et_pb_column][\/et_pb_row][et_pb_row column_structure=&#8220;1_2,1_2&#8243; _builder_version=&#8220;3.25&#8243;][et_pb_column type=&#8220;1_2&#8243; _builder_version=&#8220;3.25&#8243; custom_padding=&#8220;|||&#8220; custom_padding__hover=&#8220;|||&#8220;][et_pb_image src=&#8220;https:\/\/staging.cambios.de\/wp-content\/uploads\/2018\/08\/KARENT-Logo-1-e1504705554645.jpg&#8220; align_tablet=&#8220;center&#8220; align_phone=&#8220;&#8220; align_last_edited=&#8220;on|desktop&#8220; admin_label=&#8220;Partner Logo&#8220; _builder_version=&#8220;3.23&#8243; animation_style=&#8220;fade&#8220; border_color_all=&#8220;rgba(51,51,51,0.14)&#8220; locked=&#8220;off&#8220;][\/et_pb_image][et_pb_text _builder_version=&#8220;3.27.4&#8243;]<\/p>\n<div class=\"vc_row wpb_row vc_row-fluid edgtf-section vc_custom_1504706278920 edgtf-content-aligment-left edgtf-grid-section\">\n<div class=\"clearfix edgtf-section-inner\">\n<div class=\"edgtf-section-inner-margin clearfix\">\n<div class=\"wpb_column vc_column_container vc_col-sm-8\">\n<div class=\"vc_column-inner \">\n<div class=\"wpb_wrapper\">\n<div id=\"ultimate-heading-59735b5080350c9b8\" class=\"uvc-heading ult-adjust-bottom-margin ultimate-heading-59735b5080350c9b8 uvc-5376 \" data-hspacer=\"line_only\" data-halign=\"left\">\n<div class=\"uvc-main-heading ult-responsive\" data-ultimate-target=\".uvc-heading.ultimate-heading-59735b5080350c9b8 h2\" data-responsive-json-new=\"{&quot;font-size&quot;:&quot;desktop:22px;&quot;,&quot;line-height&quot;:&quot;&quot;}\">\n<h4>KARENT Beratungs und Vermittlungs GmbH, Frankfurt<\/h4>\n<\/div>\n<div class=\"uvc-sub-heading ult-responsive\" data-ultimate-target=\".uvc-heading.ultimate-heading-59735b5080350c9b8 .uvc-sub-heading \" data-responsive-json-new=\"{&quot;font-size&quot;:&quot;desktop:16px;&quot;,&quot;line-height&quot;:&quot;desktop:26px;&quot;}\">Wenn Stellenabbau unvermeidlich wird, unterst\u00fctzt unser Partner <a href=\"https:\/\/www.karent.de\/\" target=\"_blank\" rel=\"noopener noreferrer\"><strong>KARENT<\/strong><\/a> Unternehmen bei der Reorganisation. Outplacementberatung und Transfergesellschaften erm\u00f6glichen betroffenen Mitarbeitern den nahtlosen Job-to-Job Transfer<\/div>\n<\/div>\n<\/div>\n<\/div>\n<\/div>\n<\/div>\n<\/div>\n<\/div>\n<p>[\/et_pb_text][\/et_pb_column][et_pb_column type=&#8220;1_2&#8243; _builder_version=&#8220;3.25&#8243; custom_padding=&#8220;|||&#8220; custom_padding__hover=&#8220;|||&#8220;][et_pb_image src=&#8220;https:\/\/staging.cambios.de\/wp-content\/uploads\/2018\/08\/ESP-e1507732800528.jpg&#8220; align_tablet=&#8220;center&#8220; align_phone=&#8220;&#8220; align_last_edited=&#8220;on|desktop&#8220; admin_label=&#8220;Partner Logo&#8220; _builder_version=&#8220;3.23&#8243; animation_style=&#8220;fade&#8220; animation_delay=&#8220;100ms&#8220; border_color_all=&#8220;rgba(51,51,51,0.14)&#8220;][\/et_pb_image][et_pb_text _builder_version=&#8220;3.27.4&#8243;]<\/p>\n<div class=\"vc_row wpb_row vc_row-fluid edgtf-section vc_custom_1504706278920 edgtf-content-aligment-left edgtf-grid-section\">\n<div class=\"clearfix edgtf-section-inner\">\n<div class=\"edgtf-section-inner-margin clearfix\">\n<div class=\"wpb_column vc_column_container vc_col-sm-8\">\n<div class=\"vc_column-inner \">\n<div class=\"wpb_wrapper\">\n<div id=\"ultimate-heading-59735b5080350c9b8\" class=\"uvc-heading ult-adjust-bottom-margin ultimate-heading-59735b5080350c9b8 uvc-5376 \" data-hspacer=\"line_only\" data-halign=\"left\">\n<div class=\"uvc-main-heading ult-responsive\" data-ultimate-target=\".uvc-heading.ultimate-heading-59735b5080350c9b8 h2\" data-responsive-json-new=\"{&quot;font-size&quot;:&quot;desktop:22px;&quot;,&quot;line-height&quot;:&quot;&quot;}\"><\/div>\n<\/div>\n<\/div>\n<\/div>\n<\/div>\n<\/div>\n<\/div>\n<\/div>\n<div class=\"vc_row wpb_row vc_row-fluid edgtf-section vc_custom_1504008327475 edgtf-content-aligment-left edgtf-grid-section\">\n<div class=\"clearfix edgtf-section-inner\">\n<div class=\"edgtf-section-inner-margin clearfix\">\n<div class=\"wpb_column vc_column_container vc_col-sm-8\">\n<div class=\"vc_column-inner \">\n<div class=\"wpb_wrapper\">\n<div id=\"ultimate-heading-38535b508035105f6\" class=\"uvc-heading ult-adjust-bottom-margin ultimate-heading-38535b508035105f6 uvc-8999 \" data-hspacer=\"line_only\" data-halign=\"left\">\n<div class=\"uvc-main-heading ult-responsive\" data-ultimate-target=\".uvc-heading.ultimate-heading-38535b508035105f6 h2\" data-responsive-json-new=\"{&quot;font-size&quot;:&quot;desktop:22px;&quot;,&quot;line-height&quot;:&quot;&quot;}\">\n<h4>Eric Salmon &amp; Partners, Frankfurt<\/h4>\n<\/div>\n<div class=\"uvc-sub-heading ult-responsive\" data-ultimate-target=\".uvc-heading.ultimate-heading-38535b508035105f6 .uvc-sub-heading \" data-responsive-json-new=\"{&quot;font-size&quot;:&quot;desktop:16px;&quot;,&quot;line-height&quot;:&quot;desktop:26px;&quot;}\">F\u00fcr Stellenneubesetzungen, insbesondere auf F\u00fchrungsebene, kooperieren wir mit unserem Personalberatungspartner Eric Salmon.<\/div>\n<\/div>\n<\/div>\n<\/div>\n<\/div>\n<\/div>\n<\/div>\n<\/div>\n<p>[\/et_pb_text][\/et_pb_column][\/et_pb_row][et_pb_row column_structure=&#8220;1_2,1_2&#8243; _builder_version=&#8220;3.25&#8243;][et_pb_column type=&#8220;1_2&#8243; _builder_version=&#8220;3.25&#8243; custom_padding=&#8220;|||&#8220; custom_padding__hover=&#8220;|||&#8220;][et_pb_image src=&#8220;https:\/\/staging.cambios.de\/wp-content\/uploads\/2022\/08\/Transparent_SGA_def_color_LOGO@3x.png&#8220; align_tablet=&#8220;center&#8220; align_phone=&#8220;&#8220; align_last_edited=&#8220;on|desktop&#8220; admin_label=&#8220;Partner Logo&#8220; _builder_version=&#8220;4.0&#8243; animation_style=&#8220;fade&#8220; hover_enabled=&#8220;0&#8243; border_color_all=&#8220;rgba(51,51,51,0.14)&#8220; locked=&#8220;off&#8220;][\/et_pb_image][et_pb_text _builder_version=&#8220;3.27.4&#8243;]<\/p>\n<div class=\"vc_row wpb_row vc_row-fluid edgtf-section vc_custom_1504706278920 edgtf-content-aligment-left edgtf-grid-section\">\n<div class=\"clearfix edgtf-section-inner\">\n<div class=\"edgtf-section-inner-margin clearfix\">\n<div class=\"wpb_column vc_column_container vc_col-sm-8\">\n<div class=\"vc_column-inner \">\n<div class=\"wpb_wrapper\">\n<div id=\"ultimate-heading-59735b5080350c9b8\" class=\"uvc-heading ult-adjust-bottom-margin ultimate-heading-59735b5080350c9b8 uvc-5376 \" data-hspacer=\"line_only\" data-halign=\"left\">\n<div class=\"uvc-main-heading ult-responsive\" data-ultimate-target=\".uvc-heading.ultimate-heading-59735b5080350c9b8 h2\" data-responsive-json-new=\"{&quot;font-size&quot;:&quot;desktop:22px;&quot;,&quot;line-height&quot;:&quot;&quot;}\">\n<h4>Sustainable Growth Associates GmbH<\/h4>\n<\/div>\n<div class=\"uvc-sub-heading ult-responsive\" data-ultimate-target=\".uvc-heading.ultimate-heading-59735b5080350c9b8 .uvc-sub-heading \" data-responsive-json-new=\"{&quot;font-size&quot;:&quot;desktop:16px;&quot;,&quot;line-height&quot;:&quot;desktop:26px;&quot;}\">F\u00fcr die gr\u00f6\u00dfte anstehende Transformation f\u00fcr Unternehmen &#8211; die ganzheitlich und strategisch ausgerichtete NACHHALTIGKEIT &#8211; arbeiten wir mit SGA zusammen, eine der wenigen B-Corp zertifizierten Nachhaltigkeitsberatungen.<\/div>\n<\/div>\n<\/div>\n<\/div>\n<\/div>\n<\/div>\n<\/div>\n<\/div>\n<p>[\/et_pb_text][\/et_pb_column][et_pb_column type=&#8220;1_2&#8243; _builder_version=&#8220;3.25&#8243; custom_padding=&#8220;|||&#8220; custom_padding__hover=&#8220;|||&#8220;][et_pb_text _builder_version=&#8220;4.0&#8243; hover_enabled=&#8220;0&#8243; custom_padding=&#8220;||0px|||&#8220;]<\/p>\n<div class=\"vc_row wpb_row vc_row-fluid edgtf-section vc_custom_1504706278920 edgtf-content-aligment-left edgtf-grid-section\">\n<div class=\"clearfix edgtf-section-inner\">\n<div class=\"edgtf-section-inner-margin clearfix\">\n<div class=\"wpb_column vc_column_container vc_col-sm-8\">\n<div class=\"vc_column-inner \">\n<div class=\"wpb_wrapper\">\n<div id=\"ultimate-heading-59735b5080350c9b8\" class=\"uvc-heading ult-adjust-bottom-margin ultimate-heading-59735b5080350c9b8 uvc-5376 \" data-hspacer=\"line_only\" data-halign=\"left\">\n<div class=\"uvc-main-heading ult-responsive\" data-ultimate-target=\".uvc-heading.ultimate-heading-59735b5080350c9b8 h2\" data-responsive-json-new=\"{&quot;font-size&quot;:&quot;desktop:22px;&quot;,&quot;line-height&quot;:&quot;&quot;}\"><\/div>\n<\/div>\n<\/div>\n<\/div>\n<\/div>\n<\/div>\n<\/div>\n<\/div>\n<div class=\"vc_row wpb_row vc_row-fluid edgtf-section vc_custom_1504008327475 edgtf-content-aligment-left edgtf-grid-section\">\n<div class=\"clearfix edgtf-section-inner\">\n<div class=\"edgtf-section-inner-margin clearfix\">\n<div class=\"wpb_column vc_column_container vc_col-sm-8\">\n<div class=\"vc_column-inner \">\n<div class=\"wpb_wrapper\">\n<div id=\"ultimate-heading-38535b508035105f6\" class=\"uvc-heading ult-adjust-bottom-margin ultimate-heading-38535b508035105f6 uvc-8999 \" data-hspacer=\"line_only\" data-halign=\"left\">\n<div class=\"uvc-main-heading ult-responsive\" data-ultimate-target=\".uvc-heading.ultimate-heading-38535b508035105f6 h2\" data-responsive-json-new=\"{&quot;font-size&quot;:&quot;desktop:22px;&quot;,&quot;line-height&quot;:&quot;&quot;}\"><\/div>\n<div class=\"uvc-sub-heading ult-responsive\" data-ultimate-target=\".uvc-heading.ultimate-heading-38535b508035105f6 .uvc-sub-heading \" data-responsive-json-new=\"{&quot;font-size&quot;:&quot;desktop:16px;&quot;,&quot;line-height&quot;:&quot;desktop:26px;&quot;}\"><\/div>\n<\/div>\n<\/div>\n<\/div>\n<\/div>\n<\/div>\n<\/div>\n<\/div>\n<p>[\/et_pb_text][\/et_pb_column][\/et_pb_row][\/et_pb_section][et_pb_section fb_built=&#8220;1&#8243; admin_label=&#8220;Join Now Call to Action&#8220; _builder_version=&#8220;3.22&#8243; use_background_color_gradient=&#8220;on&#8220; background_color_gradient_start=&#8220;#0080c8&#8243; background_color_gradient_end=&#8220;#96b6c8&#8243; background_color_gradient_direction=&#8220;221deg&#8220; custom_margin=&#8220;|||&#8220; custom_padding=&#8220;110px|0px|110px|0px&#8220;][et_pb_row column_structure=&#8220;2_3,1_3&#8243; _builder_version=&#8220;3.25&#8243;][et_pb_column type=&#8220;2_3&#8243; _builder_version=&#8220;3.25&#8243; custom_padding=&#8220;|||&#8220; custom_padding__hover=&#8220;|||&#8220;][et_pb_text _builder_version=&#8220;3.27.4&#8243; text_font=&#8220;Montserrat||||||||&#8220; text_text_color=&#8220;rgba(255,255,255,0.8)&#8220; text_font_size=&#8220;18px&#8220; text_line_height=&#8220;1.8em&#8220; header_text_color=&#8220;#ffffff&#8220; header_font_size=&#8220;24px&#8220; header_3_font=&#8220;Montserrat|600|||||||&#8220; header_3_font_size=&#8220;36px&#8220; header_3_line_height=&#8220;1.4em&#8220; background_layout=&#8220;dark&#8220; custom_margin=&#8220;|||&#8220;]<\/p>\n<h3>Wollen Sie Teil von Cambios sein?<\/h3>\n<p>Unser Zusammenhalt l\u00e4sst sich nicht durch Linien in einem Organigramm darstellen, sondern dr\u00fcckt sich durch einen verbindenden Mind-set aus: wichtig sind uns Verl\u00e4sslichkeit und Wertorientierung, kombiniert mit Kompetenz und Professionalit\u00e4t, garniert mit einer entspannten und positiven Grundhaltung. Wenn Sie eine Idee haben, welchen Beitrag Sie im Team leisten k\u00f6nnten, kontaktieren Sie uns gerne!<br \/>\n[\/et_pb_text][\/et_pb_column][et_pb_column type=&#8220;1_3&#8243; _builder_version=&#8220;3.25&#8243; custom_padding=&#8220;|||&#8220; custom_padding__hover=&#8220;|||&#8220;][et_pb_button button_url=&#8220;\/kontakt\/&#8220; button_text=&#8220;Kontakt&#8220; button_alignment=&#8220;left&#8220; admin_label=&#8220;Taste Kontakt&#8220; _builder_version=&#8220;3.16&#8243; custom_button=&#8220;on&#8220; button_text_size=&#8220;18px&#8220; button_text_color=&#8220;#ffffff&#8220; button_bg_color=&#8220;#0080c8&#8243; button_border_color=&#8220;#0080c8&#8243; button_border_radius=&#8220;0px&#8220; button_letter_spacing=&#8220;2px&#8220; button_font=&#8220;|on||on|&#8220; button_icon=&#8220;%%109%%&#8220; button_icon_placement=&#8220;left&#8220; button_on_hover=&#8220;off&#8220; background_layout=&#8220;dark&#8220; custom_margin=&#8220;|||&#8220; custom_padding=&#8220;30px|36px|30px|60px&#8220; animation_style=&#8220;zoom&#8220; animation_delay=&#8220;100ms&#8220; animation_intensity_zoom=&#8220;6%&#8220; button_text_shadow_style=&#8220;preset2&#8243; button_text_shadow_blur_strength=&#8220;0.04em&#8220; button_text_shadow_color=&#8220;rgba(113,126,133,0.4)&#8220; box_shadow_style=&#8220;preset1&#8243; box_shadow_vertical=&#8220;10px&#8220; box_shadow_blur=&#8220;50px&#8220; box_shadow_spread=&#8220;5px&#8220; box_shadow_color=&#8220;rgba(86,117,132,0.75)&#8220; button_text_color_hover=&#8220;#ffffff&#8220; button_border_color_hover=&#8220;#d50b55&#8243; button_letter_spacing_hover=&#8220;2px&#8220; button_bg_color_hover=&#8220;#d50b55&#8243; global_module=&#8220;360&#8243; saved_tabs=&#8220;all&#8220; locked=&#8220;off&#8220; button_text_size__hover_enabled=&#8220;off&#8220; button_one_text_size__hover_enabled=&#8220;off&#8220; button_two_text_size__hover_enabled=&#8220;off&#8220; button_text_color__hover_enabled=&#8220;on&#8220; button_text_color__hover=&#8220;#ffffff&#8220; button_one_text_color__hover_enabled=&#8220;off&#8220; button_two_text_color__hover_enabled=&#8220;off&#8220; button_border_width__hover_enabled=&#8220;off&#8220; button_one_border_width__hover_enabled=&#8220;off&#8220; button_two_border_width__hover_enabled=&#8220;off&#8220; button_border_color__hover_enabled=&#8220;on&#8220; button_border_color__hover=&#8220;#d50b55&#8243; button_one_border_color__hover_enabled=&#8220;off&#8220; button_two_border_color__hover_enabled=&#8220;off&#8220; button_border_radius__hover_enabled=&#8220;off&#8220; button_one_border_radius__hover_enabled=&#8220;off&#8220; button_two_border_radius__hover_enabled=&#8220;off&#8220; button_letter_spacing__hover_enabled=&#8220;on&#8220; button_letter_spacing__hover=&#8220;2px&#8220; button_one_letter_spacing__hover_enabled=&#8220;off&#8220; button_two_letter_spacing__hover_enabled=&#8220;off&#8220; button_bg_color__hover_enabled=&#8220;on&#8220; button_bg_color__hover=&#8220;#d50b55&#8243; button_one_bg_color__hover_enabled=&#8220;off&#8220; button_two_bg_color__hover_enabled=&#8220;off&#8220;][\/et_pb_button][\/et_pb_column][\/et_pb_row][\/et_pb_section]<\/p>\n","protected":false},"excerpt":{"rendered":"<p>[et_pb_section fb_built=&#8220;1&#8243; fullwidth=&#8220;on&#8220; admin_label=&#8220;Page Header&#8220; _builder_version=&#8220;3.22&#8243; background_image=&#8220;https:\/\/staging.cambios.de\/wp-content\/uploads\/2018\/09\/cambios_crew-1.jpg&#8220; background_position=&#8220;top_center&#8220;][et_pb_fullwidth_header title=&#8220;Menschen im Mittelpunkt&#8220; text_orientation=&#8220;center&#8220; admin_label=&#8220;Hero Section&#8220; _builder_version=&#8220;3.16&#8243; title_font=&#8220;Montserrat|on|||&#8220; title_font_size=&#8220;60px&#8220; title_line_height=&#8220;1.4em&#8220; content_font_size=&#8220;22px&#8220; content_line_height=&#8220;1.8em&#8220; subhead_font=&#8220;||||&#8220; background_color=&#8220;rgba(126,190,197,0)&#8220; use_background_color_gradient=&#8220;on&#8220; background_color_gradient_start=&#8220;rgba(0,128,200,0.82)&#8220; background_color_gradient_end=&#8220;rgba(0,128,200,0.21)&#8220; custom_button_one=&#8220;on&#8220; button_one_text_size=&#8220;16px&#8220; button_one_bg_color=&#8220;#6eba01&#8243; button_one_border_color=&#8220;#6eba01&#8243; button_one_border_radius=&#8220;0&#8243; button_one_letter_spacing=&#8220;2&#8243; button_one_font=&#8220;Montserrat|||on|&#8220; button_one_use_icon=&#8220;off&#8220; custom_button_two=&#8220;on&#8220; button_two_text_size=&#8220;16px&#8220; button_two_border_color=&#8220;#ffffff&#8220; button_two_border_radius=&#8220;0&#8243; button_two_letter_spacing=&#8220;2&#8243; button_two_font=&#8220;Montserrat|||on|&#8220; button_two_use_icon=&#8220;off&#8220; module_alignment=&#8220;left&#8220; custom_padding=&#8220;120px||120px|&#8220; animation_style=&#8220;fade&#8220; title_font_size_tablet=&#8220;&#8220; title_font_size_phone=&#8220;40px&#8220; title_font_size_last_edited=&#8220;on|phone&#8220; button_one_text_color_hover=&#8220;#6eba01&#8243; button_two_text_color_hover=&#8220;#6eba01&#8243; button_one_border_color_hover=&#8220;#ffffff&#8220; button_two_border_color_hover=&#8220;#ffffff&#8220; button_one_border_radius_hover=&#8220;0&#8243; button_two_border_radius_hover=&#8220;0&#8243; button_one_letter_spacing_hover=&#8220;2&#8243; button_two_letter_spacing_hover=&#8220;2&#8243; button_one_bg_color_hover=&#8220;#ffffff&#8220; [&hellip;]<\/p>\n","protected":false},"author":1,"featured_media":0,"parent":0,"menu_order":0,"comment_status":"closed","ping_status":"closed","template":"","meta":{"_et_pb_use_builder":"on","_et_pb_old_content":""},"_links":{"self":[{"href":"https:\/\/staging.cambios.de\/index.php?rest_route=\/wp\/v2\/pages\/51"}],"collection":[{"href":"https:\/\/staging.cambios.de\/index.php?rest_route=\/wp\/v2\/pages"}],"about":[{"href":"https:\/\/staging.cambios.de\/index.php?rest_route=\/wp\/v2\/types\/page"}],"author":[{"embeddable":true,"href":"https:\/\/staging.cambios.de\/index.php?rest_route=\/wp\/v2\/users\/1"}],"replies":[{"embeddable":true,"href":"https:\/\/staging.cambios.de\/index.php?rest_route=%2Fwp%2Fv2%2Fcomments&post=51"}],"version-history":[{"count":145,"href":"https:\/\/staging.cambios.de\/index.php?rest_route=\/wp\/v2\/pages\/51\/revisions"}],"predecessor-version":[{"id":2240,"href":"https:\/\/staging.cambios.de\/index.php?rest_route=\/wp\/v2\/pages\/51\/revisions\/2240"}],"wp:attachment":[{"href":"https:\/\/staging.cambios.de\/index.php?rest_route=%2Fwp%2Fv2%2Fmedia&parent=51"}],"curies":[{"name":"wp","href":"https:\/\/api.w.org\/{rel}","templated":true}]}}